{"id":2900,"date":"2021-02-08T18:33:27","date_gmt":"2021-02-08T17:33:27","guid":{"rendered":"https:\/\/beautechacademy.it\/?page_id=2900"},"modified":"2021-02-17T17:34:14","modified_gmt":"2021-02-17T16:34:14","slug":"protezione-dei-dati","status":"publish","type":"page","link":"https:\/\/www.beautech.it\/academy\/protezione-dei-dati\/","title":{"rendered":"Protezione dei dati"},"content":{"rendered":"<div>Liberatoria\/consenso per la pubblicazione di immagini e riprese audio video<\/div>\n<div>Il\/La sottoscritto\/a, quale  partecipante  (docente e\/o discente)   al corso  della   Beautech Academy, organizzato\/gestito  dalla societ\u00e0 Beautech srl,  con sede in Modena Via Omero n. 51,<\/div>\n<div><strong>Autorizza<\/strong><\/p>\n<ul class=\"uk-list uk-list-hyphen\">\n<li>A titolo gratuito, senza limiti di tempo, anche ai  sensi degli artt. 96 e 97  legge 633\/1941  Legge in materia di protezione del diritto d&#8217;autore,  dell\u2019art. 10 codice civile, e della legge n. 101 del 19\/09\/2018<\/li>\n<li>l\u2019eventuale registrazione, riproduzione e pubblicazione, da parte della societ\u00e0 Beautech srl, sul proprio sito (www.beautech.it) o su piattaforme on-line dalla stessa utilizzate, di immagini, audio, video e\/o audio-video ritraenti il\/la sottoscritto\/a partecipante al corso della Beautech Academy, realizzate  durante le lezioni in presenza e\/o  on-line del Corso, in diretta e\/o differita e\/o sotto forma di altre attivit\u00e0 didattiche\/formative in modalit\u00e0  on-line e\/o in presenza.<\/li>\n<li>l\u2019eventuale upload e download di immagini, audio, video e audio-video ritraenti il\/la sottoscritto\/a partecipante al corso della Beautech Academy da parte di altri soggetti iscritti al medesimo corso;<br \/>\nal fine di consentire:<\/p>\n<ol type=\"a\">\n<li>le finalit\u00e0 didattiche\/formative del Corso;<\/li>\n<li>la finalit\u00e0 di studio e apprendimento personale dei singoli partecipanti;<\/li>\n<li>le finalit\u00e0 amministrative quali la certificazione della partecipazione al corso;<\/li>\n<\/ol>\n<\/li>\n<li>la conservazione  di tale materiale negli archivi della societ\u00e0 Beautech srl.<\/li>\n<\/ul>\n<p>Il suddetto materiale e le informazioni  acquisite, saranno utilizzate esclusivamente dai soggetti  partecipanti al corso della Beautech academy  e dal personale  della societ\u00e0 Beautech srl, con le modalit\u00e0 e per le finalit\u00e0 sopra precisate.<\/p>\n<p>La presente autorizzazione non consente l&#8217;uso della propria immagine in contesti che ne pregiudichino la dignit\u00e0 personale ed il decoro del sottoscritto e comunque per usi e\/o fini diversi da quelli sopra indicati.<\/p>\n<p>Il\/la sottoscritto partecipante al corso della Beautech Academy nel confermare  di non aver nulla a pretendere in ragione di quanto sopra indicato dichiara di  di rinunciare irrevocabilmente ad ogni diritto, azione o pretesa derivante da quanto sopra autorizzato.<\/p>\n<p>Allo stesso tempo  il\/la sottoscritto\/a  partecipante (docente e\/o discente) al corso della Beautech Academy  \u00e8 consapevole:<\/p>\n<ul class=\"uk-list uk-list-disc\">\n<li>che \u00e8 fatto assoluto divieto di diffondere in rete le immagini relative alle attivit\u00e0 realizzate da e con i docenti e gli altri partecipanti ai Corsi della Beautech Academy, nonch\u00e9 del relativo materiale didattico fornito, e comunque farne un utilizzo diverso da quello  strettamente personale correlato allo studio e all\u2019acquisizione delle conoscenze  proprie del Corso;<\/li>\n<li>che, durante il Corso, \u00e8 fatto assoluto divieto di fare screenshot o fotografie di qualsiasi tipo, sia per uso personale che da diffondere in rete, aventi ad oggetto le attivit\u00e0 del Corso medesimo e\/o il docente e\/o i partecipanti a quest\u2019ultimo;<\/li>\n<li>che il materiale  audio\/video  reso disponibili ai partecipanti  al  Corso  ai  fini  di chi segue lo stesso a distanza (inclusa ogni forma di registrazione audio\/video)   \u00e8 riservato e  tutelato dalla  vigente  normativa sul diritto d&#8217;autore. Pertanto, \u00e8 fatto espresso divieto di utilizzarlo per qualsivoglia finalit\u00e0 non inerente la preparazione individuale. Ogni uso del suddetto materiale che costituisca violazione del presente divieto (a mero titolo esemplificativo e non esaustivo: la comunicazione, diffusione,  condivisione, anche  parziale, su social networks  o siti web, a titolo sia gratuito che oneroso), sar\u00e0 perseguito a norma di legge.<\/li>\n<\/ul>\n<\/div>\n<div>Informativa ai sensi dell&#8217;art. 13 del Regolamento europeo 679\/2016 sulla protezione dei dati relativa all&#8217;uso di immagini (foto e riprese video)<\/div>\n<div>\n<p><strong>Informativa e consenso personale<\/strong><\/p>\n<p>La  societ\u00e0  Beautech srl  con sede in Modena  (MO) Via Omero n. 51, in qualit\u00e0 di titolare del trattamento dei dati  dati personali, ai sensi degli articoli 4 e 28 del D.lgs n. 196\/2003 e dell\u2019art. 4 del Regolamento UE 2016\/679, la informa, ai sensi dell\u2019art. 13 del Codice e del Regolamento, di quanto segue:<\/p>\n<\/div>\n<div>\n<p><strong>Titolare del trattamento<\/strong><\/p>\n<p>Titolare del trattamento \u00e8 la\u00a0 societ\u00e0 Beautech srl con sede in Modena (MO) Via Omero\u00a0 n.51.<\/p>\n<p><strong>Base giuridica del trattamento<\/strong><\/p>\n<p>La\u00a0societ\u00e0\u00a0 Beautech srl con sede in Modena (Mo), Via Omero n. 51,\u00a0tratta i Suoi dati personali lecitamente, laddove il trattamento:<\/p>\n<ul>\n<li>sia basato sul consenso espresso.<\/li>\n<\/ul>\n<p><strong>Finalit\u00e0 del trattamento dei dati<\/strong><\/p>\n<p>I dati personali (immagini foto e riprese video) verranno trattati per la per pubblicazioni sia cartacee che sul sito web www.beautech.it, nei canali social (Facebook, Twitter, Instagram, Youtube, ecc&#8230;), a mezzo sistemi televisi, cinematografici, web tv.<\/p>\n<p><strong>Modalit\u00e0 del trattamento<\/strong><\/p>\n<p>La societ\u00e0 ha provveduto ad attuare le norme previste dal Codice della Privacy art. 4  e del Regolamento U.E. 2016\/679 art. 4 n. 2 e ad impartire ai propri incaricati istruzioni precise in merito alle condotte da tenere ad alle procedure da applicare per garantire la riservatezza dei dati dei propri utenti che vengono trattati all\u2019interno dello stesso. I dati personali in questione potranno essere trattati attraverso strumenti cartacei, informatici e telematici, con l\u2019impiego di misure di sicurezza atte a garantire la riservatezza del soggetto cui i dati si riferiscono e ad evitare l\u2019indebito accesso a soggetti terzi o a personale non autorizzato tali dati verranno trattati per finalit\u00e0 connesse alle reciproche obbligazioni derivanti dal rapporto con Lei intercorrente (o che intercorrer\u00e0) nonch\u00e9 per gli adempimenti previsti dalla Legge.<\/p>\n<p><strong>Diffusione dei dati<\/strong><\/p>\n<p>In relazione e nell\u2019ambito esclusivo delle finalit\u00e0 sopra descritte i dati personali (immagini foto e riprese video) potranno essere diffuse nelle modalit\u00e0 sopra descritte. I dati personali potranno altres\u00ec essere trasmessi a soggetti che elaborano le immagini acquisite in esecuzione di specifici contratti e che saranno all\u2019uopo nominati Responsabili del trattamento da eseguire secondo le istruzioni impartite dal Titolare nel rispetto di quanto previsto dalla normativa.<\/p>\n<p><strong>Obbligatoriet\u00e0 o meno del consenso<\/strong><\/p>\n<p>Il conferimento dei Suoi dati \u00e8 facoltativo. Il mancato consenso non permetter\u00e0 l\u2019utilizzo delle immagini e\/o delle riprese video del soggetto interessato per le finalit\u00e0 sopra indicate.<\/p>\n<p><strong>Profilazione e Diffusione dei dati<\/strong><\/p>\n<p>I Suoi dati personali non sono soggetti  alcun processo decisionale interamente automatizzato, ivi compresa la profilazione.<\/p>\n<\/div>\n<div>\n<p><strong>Diritti dell\u2019interessato<\/strong><\/p>\n<p>Ai sensi degli articoli 13, comma 2, e da  15 a  21 del Regolamento UE 2016\/679, La informiamo che  in merito al trattamento dei Suoi dati personali Lei potr\u00e0 esercitare i seguenti diritti:<\/p>\n<p><strong>a) Diritto di ottenere l\u2019accesso <\/strong>ai dati personali e alle seguenti informazioni:<\/p>\n<ul>\n<li>la conferma che sia o meno in corso il trattamento di propri dati personali;<\/li>\n<li>le finalit\u00e0 del trattamento;<\/li>\n<li>le categorie di dati personali;<\/li>\n<li>i destinatari o le categorie di destinatari a cui i dati personali sono stati o saranno comunicati;<\/li>\n<li>qualora i dati non siano raccolti presso l&#8217;interessato, tutte le informazioni disponibili sulla loro origine;<\/li>\n<li>l&#8217;esistenza di un processo decisionale automatizzato, compresa la profilazione;<\/li>\n<li>una copia dei dati personali oggetto di trattamento.<\/li>\n<\/ul>\n<p><strong>b) Diritto di rettifica<\/strong> ed integrazione dei dati personali;<\/p>\n<p><strong>c) Diritto alla cancellazione <\/strong>dei dati (\u00abdiritto all&#8217;oblio\u00bb) se sussiste uno dei seguenti motivi:<\/p>\n<ol>\n<li>i dati personali non sono pi\u00f9 necessari rispetto alle finalit\u00e0 per le quali sono stati raccolti o altrimenti trattati;<\/li>\n<li>l\u2019interessato revoca il consenso al trattamento dei dati e non sussiste altro fondamento giuridico per il trattamento;<\/li>\n<li>l&#8217;interessato si oppone al trattamento e non sussiste alcun motivo legittimo prevalente per procedere al trattamento;<\/li>\n<li>i dati personali sono stati trattati illecitamente;<\/li>\n<li>i dati personali devono essere cancellati per adempiere un obbligo legale previsto dal diritto dell&#8217;Unione o dello Stato membro cui \u00e8 soggetto il titolare del trattamento;<\/li>\n<\/ol>\n<p>Il titolare del trattamento, se ha reso pubblici dati personali ed \u00e8 obbligato a cancellarli, deve informare gli altri titolari che trattano i dati personali della richiesta di cancellare qualsiasi link, copia o riproduzione dei suoi dati.<\/p>\n<p><strong>d) Diritto alla limitazione del trattamento <\/strong>nel caso in cui:<\/p>\n<ol>\n<li>l&#8217;interessato contesti l&#8217;esattezza dei dati personali, per il periodo necessario al titolare del trattamento per verificare l&#8217;esattezza di tali dati personali;<\/li>\n<li>il trattamento \u00e8 illecito e l&#8217;interessato si oppone alla cancellazione dei dati personali e chiede invece che ne sia limitato l&#8217;utilizzo;<\/li>\n<li>bench\u00e9 il titolare del trattamento non ne abbia pi\u00f9 bisogno ai fini del trattamento, i dati personali sono necessari all&#8217;interessato per l&#8217;accertamento, l&#8217;esercizio o la difesa di un diritto in sede giudiziaria;<\/li>\n<li>l&#8217;interessato si \u00e8 opposto al trattamento, in attesa della verifica in merito all&#8217;eventuale prevalenza dei motivi legittimi del titolare del trattamento rispetto a quelli dell&#8217;interessato.<\/li>\n<\/ol>\n<p><strong>e) Diritto di proporre un reclamo<\/strong> al Garante per la protezione dei dati personali, seguendo le procedure e le indicazioni pubblicate sul sito web ufficiale dell\u2019Autorit\u00e0 <a href=\"\/garanteprivacy.it\">garanteprivacy.it<\/a><\/p>\n<p><strong>f) Diritto alla portabilit\u00e0<\/strong> del dato ovvero il diritto di ricevere in un formato strutturato, di uso comune e leggibile da dispositivo automatico i dati personali che lo riguardano forniti a un titolare del trattamento ed eventualmente trasmetterli a un altro titolare del trattamento, qualora il trattamento si basi sul consenso o su un contratto e sia effettuato con mezzi automatizzati. Ove tecnicamente possibile, l\u2019interessato ha il diritto di ottenere la trasmissione diretta dei dati da un titolare del trattamento ad un altro.<\/p>\n<p><strong>g) Diritto di opporsi <\/strong>in qualsiasi momento al trattamento dei dati personali, compresa la profilazione, in particolare nel caso in cui:<\/p>\n<ol>\n<li>il trattamento avviene sulla base del legittimo interesse del titolare, previa esplicitazione dei motivi dell\u2019opposizione;<\/li>\n<li>i dati personali sono trattati per finalit\u00e0 di marketing diretto.<\/li>\n<\/ol>\n<p><strong>h)<\/strong> Diritto di non essere sottoposto a una decisione basata unicamente sul <strong>trattamento automatizzato<\/strong>, compresa la <strong>profilazione<\/strong>, salvo nei casi in cui la decisione: sia necessaria per la conclusione o l&#8217;esecuzione di un contratto tra l&#8217;interessato e un titolare del trattamento, sia autorizzata dal diritto dell&#8217;Unione o dello Stato membro cui \u00e8 soggetto il titolare del trattamento o si basi sul consenso esplicito dell\u2019interessato.<\/p>\n<p><strong>i) Diritto di revocare il consenso in qualsiasi momento.<\/strong><\/p>\n<ul class=\"uk-list uk-list-hyphen\">\n<li>Il trattamento basato sul consenso ed effettuato antecedentemente alla revoca dello stesso conserva, comunque, la sua liceit\u00e0;<\/li>\n<li>L\u2019esercizio dei diritti non \u00e8 soggetto ad alcun vincolo di forma ed \u00e8 gratuito.<\/li>\n<\/ul>\n<\/div>\n<div>\n<p><strong>Modalit\u00e0 di esercizio dei diritti<\/strong><\/p>\n<p>L\u2019interessato potr\u00e0 in qualsiasi momento esercitare i diritti inviando:<\/p>\n<ul>\n<li>una raccomandata a\/r a: Beautech srl, Via Omero n. 51, Modena.<\/li>\n<\/ul>\n<p><strong>Tempi di conservazione dei dati<\/strong><\/p>\n<p>I dati raccolti saranno conservati negli archivi\u00a0 della societ\u00e0. La conservazione sar\u00e0 effettuata per un arco di tempo comunque non superiore al conseguimento delle finalit\u00e0 per le quali sono trattati e\/o per il tempo necessario per obblighi di legge.<\/p>\n<\/div>\n<p><!-- {\"name\":\"PRIVACY POLICY\",\"type\":\"layout\",\"children\":[{\"type\":\"section\",\"props\":{\"style\":\"default\",\"width\":\"default\",\"vertical_align\":\"middle\",\"title_position\":\"top-left\",\"title_rotation\":\"left\",\"title_breakpoint\":\"xl\",\"image_position\":\"center-center\"},\"children\":[{\"type\":\"row\",\"children\":[{\"type\":\"column\",\"props\":{\"image_position\":\"center-center\",\"media_overlay_gradient\":\"\",\"width_medium\":\"1-1\"},\"children\":[{\"type\":\"headline\",\"props\":{\"title_element\":\"div\",\"content\":\"Liberatoria\\\/consenso per la pubblicazione di immagini e riprese audio video\",\"title_style\":\"h2\"}}]}]},{\"type\":\"row\",\"children\":[{\"type\":\"column\",\"props\":{\"image_position\":\"center-center\",\"media_overlay_gradient\":\"\"},\"children\":[{\"type\":\"text\",\"props\":{\"margin\":\"default\",\"column_breakpoint\":\"m\",\"text_size\":\"large\",\"content\":\"Il\\\/La sottoscritto\\\/a, quale  partecipante  (docente e\\\/o discente)   al corso  della   Beautech Academy, organizzato\\\/gestito  dalla societ\\u00e0 Beautech srl,  con sede in Modena Via Omero n. 51,\"}},{\"type\":\"text\",\"props\":{\"margin\":\"default\",\"column_breakpoint\":\"m\",\"text_size\":\"large\",\"content\":\"<strong>Autorizza<\\\/strong>\\n\n\n<ul class=\\\"uk-list uk-list-hyphen\\\">\\n\n\n<li>A titolo gratuito, senza limiti di tempo, anche ai  sensi degli artt. 96 e 97  legge 633\\\/1941  Legge in materia di protezione del diritto d'autore,  dell\\u2019art. 10 codice civile, e della legge n. 101 del 19\\\/09\\\/2018<\\\/li>\\n\\n\n\n<li>l\\u2019eventuale registrazione, riproduzione e pubblicazione, da parte della societ\\u00e0 Beautech srl, sul proprio sito (www.beautech.it) o su piattaforme on-line dalla stessa utilizzate, di immagini, audio, video e\\\/o audio-video ritraenti il\\\/la sottoscritto\\\/a partecipante al corso della Beautech Academy, realizzate  durante le lezioni in presenza e\\\/o  on-line del Corso, in diretta e\\\/o differita e\\\/o sotto forma di altre attivit\\u00e0 didattiche\\\/formative in modalit\\u00e0  on-line e\\\/o in presenza.<\\\/li>\\n\\n\n\n<li>l\\u2019eventuale upload e download di immagini, audio, video e audio-video ritraenti il\\\/la sottoscritto\\\/a partecipante al corso della Beautech Academy da parte di altri soggetti iscritti al medesimo corso;<br \/>\\nal fine di consentire:\\n\\t\n\n<ol type=\\\"a\\\">\\n\\t\n\n<li>le finalit\\u00e0 didattiche\\\/formative del Corso;<\\\/li>\\n\\t\n\n<li>la finalit\\u00e0 di studio e apprendimento personale dei singoli partecipanti;<\\\/li>\\n\\t\n\n<li>le finalit\\u00e0 amministrative quali la certificazione della partecipazione al corso;<\\\/li>\\n\\t<\\\/ol>\\n<\\\/li>\\n\\n\n\n<li>la conservazione  di tale materiale negli archivi della societ\\u00e0 Beautech srl.<\\\/li>\\n<\\\/ul>\\n\\n\n\n<p>Il suddetto materiale e le informazioni  acquisite, saranno utilizzate esclusivamente dai soggetti  partecipanti al corso della Beautech academy  e dal personale  della societ\\u00e0 Beautech srl, con le modalit\\u00e0 e per le finalit\\u00e0 sopra precisate.<\\\/p>\\n\n\n<p>La presente autorizzazione non consente l'uso della propria immagine in contesti che ne pregiudichino la dignit\\u00e0 personale ed il decoro del sottoscritto e comunque per usi e\\\/o fini diversi da quelli sopra indicati.<\\\/p>\\n\n\n<p>Il\\\/la sottoscritto partecipante al corso della Beautech Academy nel confermare  di non aver nulla a pretendere in ragione di quanto sopra indicato dichiara di  di rinunciare irrevocabilmente ad ogni diritto, azione o pretesa derivante da quanto sopra autorizzato.<\\\/p>\\n\n\n<p>Allo stesso tempo  il\\\/la sottoscritto\\\/a  partecipante (docente e\\\/o discente) al corso della Beautech Academy  \\u00e8 consapevole:<\\\/p>\\n\\n\n\n<ul class=\\\"uk-list uk-list-disc\\\">\\n\\t\n\n<li>che \\u00e8 fatto assoluto divieto di diffondere in rete le immagini relative alle attivit\\u00e0 realizzate da e con i docenti e gli altri partecipanti ai Corsi della Beautech Academy, nonch\\u00e9 del relativo materiale didattico fornito, e comunque farne un utilizzo diverso da quello  strettamente personale correlato allo studio e all\\u2019acquisizione delle conoscenze  proprie del Corso;<\\\/li>\\n\\t\n\n<li>che, durante il Corso, \\u00e8 fatto assoluto divieto di fare screenshot o fotografie di qualsiasi tipo, sia per uso personale che da diffondere in rete, aventi ad oggetto le attivit\\u00e0 del Corso medesimo e\\\/o il docente e\\\/o i partecipanti a quest\\u2019ultimo;<\\\/li>\\n\\t\n\n<li>che il materiale  audio\\\/video  reso disponibili ai partecipanti  al  Corso  ai  fini  di chi segue lo stesso a distanza (inclusa ogni forma di registrazione audio\\\/video)   \\u00e8 riservato e  tutelato dalla  vigente  normativa sul diritto d'autore. Pertanto, \\u00e8 fatto espresso divieto di utilizzarlo per qualsivoglia finalit\\u00e0 non inerente la preparazione individuale. Ogni uso del suddetto materiale che costituisca violazione del presente divieto (a mero titolo esemplificativo e non esaustivo: la comunicazione, diffusione,  condivisione, anche  parziale, su social networks  o siti web, a titolo sia gratuito che oneroso), sar\\u00e0 perseguito a norma di legge.<\\\/li>\\n<\\\/ul>\"}}]}]}],\"modified\":\"2021-02-17T15:55:21.677Z\",\"name\":\"Liberatoria\"},{\"type\":\"section\",\"props\":{\"style\":\"default\",\"width\":\"default\",\"vertical_align\":\"middle\",\"title_position\":\"top-left\",\"title_rotation\":\"left\",\"title_breakpoint\":\"xl\",\"image_position\":\"center-center\"},\"children\":[{\"type\":\"row\",\"children\":[{\"type\":\"column\",\"props\":{\"image_position\":\"center-center\",\"media_overlay_gradient\":\"\",\"width_medium\":\"1-1\"},\"children\":[{\"type\":\"headline\",\"props\":{\"title_element\":\"div\",\"content\":\"Informativa ai sensi dell'art. 13 del Regolamento europeo 679\\\/2016 sulla protezione dei dati relativa all'uso di immagini (foto e riprese video)\",\"title_style\":\"h2\"}}]}]},{\"type\":\"row\",\"props\":{\"margin\":\"large\"},\"children\":[{\"type\":\"column\",\"props\":{\"image_position\":\"center-center\",\"media_overlay_gradient\":\"\",\"width_medium\":\"1-1\"},\"children\":[{\"type\":\"text\",\"props\":{\"margin\":\"default\",\"column_breakpoint\":\"m\",\"text_size\":\"large\",\"content\":\"\n\n<p><strong>Informativa e consenso personale<\\\/strong><\\\/p>\\n\n\n<p>La  societ\\u00e0  Beautech srl  con sede in Modena  (MO) Via Omero n. 51, in qualit\\u00e0 di titolare del trattamento dei dati  dati personali, ai sensi degli articoli 4 e 28 del D.lgs n. 196\\\/2003 e dell\\u2019art. 4 del Regolamento UE 2016\\\/679, la informa, ai sensi dell\\u2019art. 13 del Codice e del Regolamento, di quanto segue:<\\\/p>\"}},{\"type\":\"text\",\"props\":{\"margin\":\"default\",\"column_breakpoint\":\"m\",\"text_size\":\"large\",\"content\":\"\n\n<p><strong>Titolare del trattamento<\\\/strong><\\\/p>\\n\n\n<p>Titolare del trattamento \\u00e8 la\\u00a0 societ\\u00e0 Beautech srl con sede in Modena (MO) Via Omero\\u00a0 n.51.<\\\/p>\\n\n\n<p><strong>Base giuridica del trattamento<\\\/strong><\\\/p>\\n\n\n<p>La\\u00a0societ\\u00e0\\u00a0 Beautech srl con sede in Modena (Mo), Via Omero n. 51,\\u00a0tratta i Suoi dati personali lecitamente, laddove il trattamento:<\\\/p>\\n\n\n<ul>\\n\n\n<li>sia basato sul consenso espresso.<\\\/li>\\n<\\\/ul>\\n\n\n<p><strong>Finalit\\u00e0 del trattamento dei dati<\\\/strong><\\\/p>\\n\n\n<p>I dati personali (immagini foto e riprese video) verranno trattati per la per pubblicazioni sia cartacee che sul sito web www.beautech.it, nei canali social (Facebook, Twitter, Instagram, Youtube, ecc...), a mezzo sistemi televisi, cinematografici, web tv.<\\\/p>\\n\n\n<p><strong>Modalit\\u00e0 del trattamento<\\\/strong><\\\/p>\\n\n\n<p>La societ\\u00e0 ha provveduto ad attuare le norme previste dal Codice della Privacy art. 4  e del Regolamento U.E. 2016\\\/679 art. 4 n. 2 e ad impartire ai propri incaricati istruzioni precise in merito alle condotte da tenere ad alle procedure da applicare per garantire la riservatezza dei dati dei propri utenti che vengono trattati all\\u2019interno dello stesso. I dati personali in questione potranno essere trattati attraverso strumenti cartacei, informatici e telematici, con l\\u2019impiego di misure di sicurezza atte a garantire la riservatezza del soggetto cui i dati si riferiscono e ad evitare l\\u2019indebito accesso a soggetti terzi o a personale non autorizzato tali dati verranno trattati per finalit\\u00e0 connesse alle reciproche obbligazioni derivanti dal rapporto con Lei intercorrente (o che intercorrer\\u00e0) nonch\\u00e9 per gli adempimenti previsti dalla Legge.<\\\/p>\\n\n\n<p><strong>Diffusione dei dati<\\\/strong><\\\/p>\\n\n\n<p>In relazione e nell\\u2019ambito esclusivo delle finalit\\u00e0 sopra descritte i dati personali (immagini foto e riprese video) potranno essere diffuse nelle modalit\\u00e0 sopra descritte. I dati personali potranno altres\\u00ec essere trasmessi a soggetti che elaborano le immagini acquisite in esecuzione di specifici contratti e che saranno all\\u2019uopo nominati Responsabili del trattamento da eseguire secondo le istruzioni impartite dal Titolare nel rispetto di quanto previsto dalla normativa.<\\\/p>\\n\n\n<p><strong>Obbligatoriet\\u00e0 o meno del consenso<\\\/strong><\\\/p>\\n\n\n<p>Il conferimento dei Suoi dati \\u00e8 facoltativo. Il mancato consenso non permetter\\u00e0 l\\u2019utilizzo delle immagini e\\\/o delle riprese video del soggetto interessato per le finalit\\u00e0 sopra indicate.<\\\/p>\\n\n\n<p><strong>Profilazione e Diffusione dei dati<\\\/strong><\\\/p>\\n\n\n<p>I Suoi dati personali non sono soggetti  alcun processo decisionale interamente automatizzato, ivi compresa la profilazione.<\\\/p>\"}},{\"type\":\"text\",\"props\":{\"margin\":\"default\",\"column_breakpoint\":\"m\",\"text_size\":\"large\",\"content\":\"\n\n<p><strong>Diritti dell\\u2019interessato<\\\/strong><\\\/p>\\n\n\n<p>Ai sensi degli articoli 13, comma 2, e da  15 a  21 del Regolamento UE 2016\\\/679, La informiamo che  in merito al trattamento dei Suoi dati personali Lei potr\\u00e0 esercitare i seguenti diritti:<\\\/p>\\n\n\n<p><strong>a) Diritto di ottenere l\\u2019accesso <\\\/strong>ai dati personali e alle seguenti informazioni:<\\\/p>\\n\n\n<ul>\\n\n\n<li>la conferma che sia o meno in corso il trattamento di propri dati personali;<\\\/li>\\n\n\n<li>le finalit\\u00e0 del trattamento;<\\\/li>\\n\n\n<li>le categorie di dati personali;<\\\/li>\\n\n\n<li>i destinatari o le categorie di destinatari a cui i dati personali sono stati o saranno comunicati;<\\\/li>\\n\n\n<li>qualora i dati non siano raccolti presso l'interessato, tutte le informazioni disponibili sulla loro origine;<\\\/li>\\n\n\n<li>l'esistenza di un processo decisionale automatizzato, compresa la profilazione;<\\\/li>\\n\n\n<li>una copia dei dati personali oggetto di trattamento.<\\\/li>\\n<\\\/ul>\\n\n\n<p><strong>b) Diritto di rettifica<\\\/strong> ed integrazione dei dati personali;<\\\/p>\\n\n\n<p><strong>c) Diritto alla cancellazione <\\\/strong>dei dati (\\u00abdiritto all'oblio\\u00bb) se sussiste uno dei seguenti motivi:<\\\/p>\\n\n\n<ol>\\n\n\n<li>i dati personali non sono pi\\u00f9 necessari rispetto alle finalit\\u00e0 per le quali sono stati raccolti o altrimenti trattati;<\\\/li>\\n\n\n<li>l\\u2019interessato revoca il consenso al trattamento dei dati e non sussiste altro fondamento giuridico per il trattamento;<\\\/li>\\n\n\n<li>l'interessato si oppone al trattamento e non sussiste alcun motivo legittimo prevalente per procedere al trattamento;<\\\/li>\\n\n\n<li>i dati personali sono stati trattati illecitamente;<\\\/li>\\n\n\n<li>i dati personali devono essere cancellati per adempiere un obbligo legale previsto dal diritto dell'Unione o dello Stato membro cui \\u00e8 soggetto il titolare del trattamento;<\\\/li>\\n<\\\/ol>\\n\n\n<p>Il titolare del trattamento, se ha reso pubblici dati personali ed \\u00e8 obbligato a cancellarli, deve informare gli altri titolari che trattano i dati personali della richiesta di cancellare qualsiasi link, copia o riproduzione dei suoi dati.<\\\/p>\\n\n\n<p><strong>d) Diritto alla limitazione del trattamento <\\\/strong>nel caso in cui:<\\\/p>\\n\n\n<ol>\\n\n\n<li>l'interessato contesti l'esattezza dei dati personali, per il periodo necessario al titolare del trattamento per verificare l'esattezza di tali dati personali;<\\\/li>\\n\n\n<li>il trattamento \\u00e8 illecito e l'interessato si oppone alla cancellazione dei dati personali e chiede invece che ne sia limitato l'utilizzo;<\\\/li>\\n\n\n<li>bench\\u00e9 il titolare del trattamento non ne abbia pi\\u00f9 bisogno ai fini del trattamento, i dati personali sono necessari all'interessato per l'accertamento, l'esercizio o la difesa di un diritto in sede giudiziaria;<\\\/li>\\n\n\n<li>l'interessato si \\u00e8 opposto al trattamento, in attesa della verifica in merito all'eventuale prevalenza dei motivi legittimi del titolare del trattamento rispetto a quelli dell'interessato.<\\\/li>\\n<\\\/ol>\\n\n\n<p><strong>e) Diritto di proporre un reclamo<\\\/strong> al Garante per la protezione dei dati personali, seguendo le procedure e le indicazioni pubblicate sul sito web ufficiale dell\\u2019Autorit\\u00e0 <a href=\\\"garanteprivacy.it\\\">garanteprivacy.it<\\\/a><\\\/p>\\n\n\n<p><strong>f) Diritto alla portabilit\\u00e0<\\\/strong> del dato ovvero il diritto di ricevere in un formato strutturato, di uso comune e leggibile da dispositivo automatico i dati personali che lo riguardano forniti a un titolare del trattamento ed eventualmente trasmetterli a un altro titolare del trattamento, qualora il trattamento si basi sul consenso o su un contratto e sia effettuato con mezzi automatizzati. Ove tecnicamente possibile, l\\u2019interessato ha il diritto di ottenere la trasmissione diretta dei dati da un titolare del trattamento ad un altro.<\\\/p>\\n\n\n<p><strong>g) Diritto di opporsi <\\\/strong>in qualsiasi momento al trattamento dei dati personali, compresa la profilazione, in particolare nel caso in cui:<\\\/p>\\n\n\n<ol>\\n\n\n<li>il trattamento avviene sulla base del legittimo interesse del titolare, previa esplicitazione dei motivi dell\\u2019opposizione;<\\\/li>\\n\n\n<li>i dati personali sono trattati per finalit\\u00e0 di marketing diretto.<\\\/li>\\n<\\\/ol>\\n\n\n<p><strong>h)<\\\/strong> Diritto di non essere sottoposto a una decisione basata unicamente sul <strong>trattamento automatizzato<\\\/strong>, compresa la <strong>profilazione<\\\/strong>, salvo nei casi in cui la decisione: sia necessaria per la conclusione o l'esecuzione di un contratto tra l'interessato e un titolare del trattamento, sia autorizzata dal diritto dell'Unione o dello Stato membro cui \\u00e8 soggetto il titolare del trattamento o si basi sul consenso esplicito dell\\u2019interessato.<\\\/p>\\n\n\n<p><strong>i) Diritto di revocare il consenso in qualsiasi momento.<\\\/strong><\\\/p>\\n\n\n<ul class=\\\"uk-list uk-list-hyphen\\\">\\n\n\n<li>Il trattamento basato sul consenso ed effettuato antecedentemente alla revoca dello stesso conserva, comunque, la sua liceit\\u00e0;<\\\/li>\\n\n\n<li>L\\u2019esercizio dei diritti non \\u00e8 soggetto ad alcun vincolo di forma ed \\u00e8 gratuito.<\\\/li>\\n<\\\/ul>\"}},{\"type\":\"text\",\"props\":{\"margin\":\"default\",\"column_breakpoint\":\"m\",\"text_size\":\"large\",\"content\":\"\n\n<p><strong>Modalit\\u00e0 di esercizio dei diritti<\\\/strong><\\\/p>\\n\n\n<p>L\\u2019interessato potr\\u00e0 in qualsiasi momento esercitare i diritti inviando:<\\\/p>\\n\n\n<ul>\\n\n\n<li>una raccomandata a\\\/r a: Beautech srl, Via Omero n. 51, Modena.<\\\/li>\\n<\\\/ul>\\n\n\n<p><strong>Tempi di conservazione dei dati<\\\/strong><\\\/p>\\n\n\n<p>I dati raccolti saranno conservati negli archivi\\u00a0 della societ\\u00e0. La conservazione sar\\u00e0 effettuata per un arco di tempo comunque non superiore al conseguimento delle finalit\\u00e0 per le quali sono trattati e\\\/o per il tempo necessario per obblighi di legge.<\\\/p>\"}}]}]}]}],\"version\":\"2.3.25\"} --><\/p>\n","protected":false},"excerpt":{"rendered":"<p>Liberatoria\/consenso per la pubblicazione di immagini e riprese audio video Il\/La sottoscritto\/a, quale partecipante (docente e\/o discente) al corso della Beautech Academy, organizzato\/gestito dalla societ\u00e0 Beautech srl, con sede in Modena Via Omero n. 51, Autorizza A titolo gratuito, senza limiti di tempo, anche ai sensi degli artt. 96 e 97 legge 633\/1941 Legge in [&hellip;]<\/p>\n","protected":false},"author":1,"featured_media":0,"parent":0,"menu_order":14,"comment_status":"closed","ping_status":"open","template":"","meta":{"_acf_changed":false,"footnotes":""},"class_list":["post-2900","page","type-page","status-publish","hentry"],"acf":[],"_links":{"self":[{"href":"https:\/\/www.beautech.it\/academy\/wp-json\/wp\/v2\/pages\/2900","targetHints":{"allow":["GET"]}}],"collection":[{"href":"https:\/\/www.beautech.it\/academy\/wp-json\/wp\/v2\/pages"}],"about":[{"href":"https:\/\/www.beautech.it\/academy\/wp-json\/wp\/v2\/types\/page"}],"author":[{"embeddable":true,"href":"https:\/\/www.beautech.it\/academy\/wp-json\/wp\/v2\/users\/1"}],"replies":[{"embeddable":true,"href":"https:\/\/www.beautech.it\/academy\/wp-json\/wp\/v2\/comments?post=2900"}],"version-history":[{"count":20,"href":"https:\/\/www.beautech.it\/academy\/wp-json\/wp\/v2\/pages\/2900\/revisions"}],"predecessor-version":[{"id":3221,"href":"https:\/\/www.beautech.it\/academy\/wp-json\/wp\/v2\/pages\/2900\/revisions\/3221"}],"wp:attachment":[{"href":"https:\/\/www.beautech.it\/academy\/wp-json\/wp\/v2\/media?parent=2900"}],"curies":[{"name":"wp","href":"https:\/\/api.w.org\/{rel}","templated":true}]}}