{"id":2881,"date":"2021-02-08T17:42:57","date_gmt":"2021-02-08T16:42:57","guid":{"rendered":"https:\/\/beautechacademy.it\/?page_id=2881"},"modified":"2021-02-17T17:32:28","modified_gmt":"2021-02-17T16:32:28","slug":"trattamento-dei-dati","status":"publish","type":"page","link":"https:\/\/www.beautech.it\/academy\/trattamento-dei-dati\/","title":{"rendered":"Trattamento dei dati"},"content":{"rendered":"<div>Informativa sul trattamento dei dati personali relativi alle procedure di registrazione sul sito beautech.it <\/div>\n<div>\n<p>Informativa ex art. 13 del Regolamento Europeo n. 679\/2016 (GDPR) per il trattamento dei dati personali di utenti\/visitatori che dovessero registrarsi al presente sito.<\/p>\n<\/div>\n<div>\n<p>La presente informativa \u00e8 resa ai sensi dell\u2019art. 13 del Regolamento UE 679\/2016 dalla Societ\u00e0 Beautech srl  con sede in Modena, Via Omero n. 51, in qualit\u00e0 di Titolare del trattamento a chi accedendo al sito web www.beautech.it compila il form \u201cregistrazione\u201d autorizzando la stessa Societ\u00e0 al trattamento dei propri dati personali.<\/p>\n<p>Beautech srl con la presente la informa che la citata normativa prevede la tutela delle persone e di altri soggetti rispetto al trattamento dei dati personali e che tale trattamento sar\u00e0 improntato ai principi di correttezza, liceit\u00e0, trasparenza e di tutela della sua riservatezza e dei suoi diritti. I suoi dati personali, inerenti e connessi al suo rapporto con Beautech srl in qualit\u00e0 di proprietaria del sito www.beautech.it, verranno trattati in accordo alle disposizioni legislative della normativa sopra richiamata e degli obblighi di riservatezza ivi previsti.<\/p>\n<\/div>\n<div>Finalit\u00e0 del trattamento<\/div>\n<div>\n<p>\u00a0I dati personali forniti dagli utenti\/visitatori sono utilizzati al solo fine di elaborare e dare seguito alle loro richieste.<\/p>\n<p>In particolare:<\/p>\n<ul class=\"uk-list uk-list-hyphen\">\n<li>in caso di semplice registrazione al sito www.beautech.it i suoi dati saranno trattati per fornirle le credenziali di accesso e consentirle di accedere ai servizi previsti sul sito medesimo; <\/li>\n<li>in caso di successiva iscrizione ai corsi previsti nella sezione Beautech academy, i suoi dati saranno trattati per le attivit\u00e0 propedeutiche alla gestione del corso scelto , per le attivit\u00e0 del corso stesso, per placement, per  eventuali comunicazioni a mezzo mail, telefono, ecc.<\/li>\n<li>adempimento degli obblighi legge gravanti sul titolare del trattamento o a ordini della pubblica Autorit\u00e0.<\/li>\n<\/ul>\n<p>I suoi dati potranno essere trattati per finalit\u00e0 interne di statistica e ricerca di mercato.<br \/>Il trattamento dei dati da parte di  Beautech srl si basa sul consenso da lei prestato. <\/p>\n<p><strong>Base giuridica\u00a0<\/strong><\/p>\n<p>La societ\u00e0 tratta i dati personali da lei forniti  laddove il trattamento:<\/p>\n<ul class=\"uk-list uk-list-hyphen\">\n<li>sia necessario  all&#8217;esecuzione di un contratto concluso con lei o per l&#8217;esecuzione di misure precontrattuali adottate su Sua richiesta;<\/li>\n<li>sia necessario per   adempiere a  un obbligo legale<\/li>\n<li>sia basato sul consenso espresso.<\/li>\n<\/ul>\n<\/div>\n<div>Comunicazione dei dati personali<\/div>\n<div>\n<p>Per il conseguimento delle predette finalit\u00e0, i suoi dati potranno essere comunicati a:<\/p>\n<ul class=\"uk-list uk-list-hyphen\">\n<li>consulenti eventualmente incaricati di assistere il Titolare del trattamento nell&#8217;adempimento degli obblighi di legge sul medesimo gravanti (ad es. avvocati, consulenti fiscali e\/o tributari);<\/li>\n<li>pubbliche amministrazioni per le finalit\u00e0 connesse all&#8217;adempimento di obblighi legali;<\/li>\n<li>fornitori di servizi di installazione, assistenza e manutenzione di impianti e sistemi informatici e telematici e di tutti i servizi funzionalmente connessi e necessari per l\u2019utilizzo degli eventuali applicativi e l\u2019adempimento delle prestazioni oggetto del Contratto.<\/li>\n<li>Consulenti e docenti  dei corsi eventualmente  previsti nella sezione Beautech academy.<\/li>\n<\/ul>\n<\/div>\n<div>Natura obbligatoria o facoltativa del conferimento<\/div>\n<div>\n<p>Il conferimento dei dati richiesti non \u00e8 obbligatorio, ma un suo eventuale rifiuto comporterebbe l&#8217;impossibilit\u00e0 di fornirle i servizi richiesti.<\/p>\n<\/div>\n<div>Categorie dei dati trattati<\/div>\n<div>\n<p>Per il perseguimento delle predette finalit\u00e0, potranno essere raccolti dati di natura comune, essenzialmente identificativa (ad. es. nome; cognome; recapiti fisici e\/o telefonici e\/o telematici), reddituale e\/o patrimoniale, relativi all\u2019attivit\u00e0 esercita. Il trattamento potrebbe comprendere dati appartenenti alle categorie cd. particolari di cui all&#8217;art. 9 GDPR (ad es. dati di natura sanitaria) e\/o di quelli previsti dall&#8217;art. 10 GDPR (dati di natura giudiziaria).<\/p>\n<\/div>\n<div>Modalit\u00e0 del trattamento<\/div>\n<div>\n<p>Il trattamento dei Suoi dati personali \u00e8 realizzato per mezzo delle operazioni indicate all\u2019art. 4 Codice Privacy e all\u2019art. 4 n. 2) GDPR e precisamente: raccolta, registrazione, organizzazione, conservazione, consultazione, elaborazione, modificazione, selezione, estrazione, raffronto, utilizzo, interconnessione, blocco, comunicazione, cancellazione e distruzione dei dati.<\/p>\n<p>I dati sono raccolti, trattati ed archiviati prevalentemente su supporto informatico e\/o telematico. Alcune attivit\u00e0 di trattamento non  effettuati in maniera elettronica potranno essere effettuate in modalit\u00e0 cartacea.<\/p>\n<p><strong>Trasferimento dei dati<\/strong><\/p>\n<p>Il Titolare del trattamento non trasferisce i dati personali in paesi terzi o a organizzazioni internazionali. Tuttavia, si riserva la possibilit\u00e0 di utilizzare servizi in cloud; nel qual caso, i fornitori dei servizi saranno selezionati tra coloro che forniscono garanzie adeguate, cos\u00ec come previsto dall\u2019art. 46 GDPR UE 679\/16.<\/p>\n<p><strong>Tempi di conservazione dei dati<\/strong><\/p>\n<p>I suoi dati personali saranno conservati per i tempi strettamente necessari ad espletare le finalit\u00e0 sopra illustrate e per adempiere agli obblighi previsti dalla legge.<\/p>\n<p><strong>Accesso ai dati<\/strong><\/p>\n<p>I Suoi dati potranno essere resi accessibili per le finalit\u00e0 di cui in precedenza:<\/p>\n<ul class=\"uk-list uk-list-hyphen\">\n<li>a dipendenti e collaboratori del Titolare , nella loro qualit\u00e0 di incaricati e\/o responsabili interni del trattamento e\/o amministratori di sistema;<\/li>\n<li>a societ\u00e0 terze o altri soggetti (a titolo indicativo, istituti di credito, studi professionali, consulenti, societ\u00e0 di assicurazione per la prestazione di servizi assicurativi, etc.) che svolgono attivit\u00e0 in outsourcing per conto del Titolare, nella loro qualit\u00e0 di responsabili esterni del trattamento.<\/li>\n<\/ul>\n<p><strong>Diritti dell\u2019interessato<\/strong><\/p>\n<p>Ai sensi dell\u2019art. 7 del Codice della privacy e ai sensi degli articoli 13, comma 2, e da \u00a015 a 21 del Regolamento, La informiamo che in merito al trattamento dei Suoi dati personali Lei potr\u00e0 esercitare i seguenti diritti:<\/p>\n<p>1. <strong>Diritto di ottenere l\u2019accesso <\/strong>ai dati personali e alle seguenti informazioni:<\/p>\n<ul class=\"uk-list uk-list-hyphen\">\n<li>la conferma che sia o meno in corso il trattamento di propri dati personali;<\/li>\n<li>le finalit\u00e0 del trattamento;<\/li>\n<li>le categorie di dati personali;<\/li>\n<li>i destinatari o le categorie di destinatari a cui i dati personali sono stati o saranno comunicati;<\/li>\n<li>qualora i dati non siano raccolti presso l&#8217;interessato, tutte le informazioni disponibili sulla loro origine;<\/li>\n<li>l&#8217;esistenza di un processo decisionale automatizzato, compresa la profilazione;<\/li>\n<li>una copia dei dati personali oggetto di trattamento.<\/li>\n<\/ul>\n<p>2. <strong>Diritto di rettifica <\/strong>ed integrazione dei dati personali;<\/p>\n<p>3. <strong>Diritto alla cancellazione <\/strong>dei dati (\u00abdiritto all&#8217;oblio\u00bb) se sussiste uno dei seguenti motivi: \u00a0\u00a0\u00a0<\/p>\n<ol>\n<li>i dati personali non sono pi\u00f9 necessari rispetto alle finalit\u00e0 per le quali sono stati raccolti o altrimenti trattati;<\/li>\n<li>l\u2019interessato revoca il consenso al trattamento dei dati e non sussiste altro fondamento giuridico per il trattamento;<\/li>\n<li>l&#8217;interessato si oppone al trattamento e non sussiste alcun motivo legittimo prevalente per procedere al trattamento;<\/li>\n<li>i dati personali sono stati trattati illecitamente;<\/li>\n<li>i dati personali devono essere cancellati per adempiere un obbligo legale previsto dal diritto dell&#8217;Unione o dello Stato membro cui \u00e8 soggetto il titolare del trattamento;<\/li>\n<\/ol>\n<p>Il titolare del trattamento, se ha reso pubblici dati personali ed \u00e8 obbligato a cancellarli, deve informare gli altri titolari che trattano i dati personali della richiesta di cancellare qualsiasi link, copia o riproduzione dei suoi dati.<\/p>\n<p>4. <strong>Diritto alla limitazione del trattamento <\/strong>nel caso in cui:<\/p>\n<ol>\n<li>l&#8217;interessato contesti l&#8217;esattezza dei dati personali, per il periodo necessario al titolare del trattamento per verificare l&#8217;esattezza di tali dati personali;<\/li>\n<li>il trattamento \u00e8 illecito e l&#8217;interessato si oppone alla cancellazione dei dati personali e chiede invece che ne sia limitato l&#8217;utilizzo;<\/li>\n<li>bench\u00e9 il titolare del trattamento non ne abbia pi\u00f9 bisogno ai fini del trattamento, i dati personali sono necessari all&#8217;interessato per l&#8217;accertamento, l&#8217;esercizio o la difesa di un diritto in sede giudiziaria;<\/li>\n<li>l&#8217;interessato si \u00e8 opposto al trattamento, in attesa della verifica in merito all&#8217;eventuale prevalenza dei motivi legittimi del titolare del trattamento rispetto a quelli dell&#8217;interessato.<\/li>\n<\/ol>\n<p>5. <strong>Diritto di proporre un reclamo <\/strong>al Garante per la protezione dei dati personali, seguendo le procedure e le indicazioni pubblicate sul sito web ufficiale dell\u2019Autorit\u00e0 <a href=\"\/garanteprivacy.it\">garanteprivacy.it<\/a>.<\/p>\n<p>6. <strong>Diritto alla portabilit\u00e0 <\/strong>del dato ovvero il diritto di ricevere in un formato strutturato, di uso comune e leggibile da dispositivo automatico i dati personali che lo riguardano forniti a un titolare del trattamento ed eventualmente trasmetterli a un altro titolare del trattamento, qualora il trattamento si basi sul consenso o su un contratto e sia effettuato con mezzi automatizzati. Ove tecnicamente possibile, l\u2019interessato ha il diritto di ottenere la trasmissione diretta dei dati da un titolare del trattamento ad un altro.<\/p>\n<p>7. <strong>Diritto di opporsi <\/strong>in qualsiasi momento al trattamento dei dati personali, compresa la profilazione, in particolare nel caso in cui:<\/p>\n<ol>\n<li>il trattamento avviene sulla base del legittimo interesse del titolare, previa esplicitazione dei motivi dell\u2019opposizione;<\/li>\n<li>i dati personali sono trattati per finalit\u00e0 di marketing diretto.<\/li>\n<\/ol>\n<p>8. Diritto di non essere sottoposto a una decisione basata unicamente sul <strong>trattamento automatizzato<\/strong>, compresa la <strong>profilazione<\/strong>, salvo nei casi in cui la decisione: sia necessaria per la conclusione o l&#8217;esecuzione di un contratto tra l&#8217;interessato e un titolare del trattamento, sia autorizzata dal diritto dell&#8217;Unione o dello Stato membro cui \u00e8 soggetto il titolare del trattamento o si basi sul consenso esplicito dell\u2019interessato.<\/p>\n<p>9. <strong>Diritto di revocare il consenso <\/strong>in qualsiasi momento.<\/p>\n<p>L\u2019esercizio dei diritti non \u00e8 soggetto ad alcun vincolo di forma ed \u00e8 gratuito.<\/p>\n<\/div>\n<div>Modalit\u00e0 di esercizio dei diritti<\/div>\n<div>\n<p>L\u2019interessato potr\u00e0 in qualsiasi momento esercitare i diritti inviando:<\/p>\n<ul>\n<li>una raccomandata a\/r a: <strong>Beautech srl <\/strong>, Via Omero n. 51, Modena<\/li>\n<\/ul>\n<p><strong>Titolare del trattamento<\/strong><\/p>\n<p>Il Titolare del trattamento \u00e8 <strong>Beautech srl<\/strong> avente sede in  Modena (MO) Via Omero n. 51. <\/p>\n<p><strong>Responsabile del trattamento<\/strong><\/p>\n<p>La lista degli eventuali responsabili del trattamento \u00e8 disponibile su richiesta.<\/p>\n<\/div>\n<p><!-- {\"name\":\"PRIVACY POLICY\",\"type\":\"layout\",\"children\":[{\"type\":\"section\",\"props\":{\"style\":\"default\",\"width\":\"default\",\"vertical_align\":\"middle\",\"title_position\":\"top-left\",\"title_rotation\":\"left\",\"title_breakpoint\":\"xl\",\"image_position\":\"center-center\"},\"children\":[{\"type\":\"row\",\"children\":[{\"type\":\"column\",\"props\":{\"image_position\":\"center-center\",\"media_overlay_gradient\":\"\",\"width_medium\":\"1-1\"},\"children\":[{\"type\":\"headline\",\"props\":{\"title_element\":\"div\",\"content\":\"Informativa sul trattamento dei dati personali relativi alle procedure di registrazione sul sito beautech.it \",\"title_style\":\"h1\"}},{\"type\":\"text\",\"props\":{\"margin\":\"default\",\"column_breakpoint\":\"m\",\"text_size\":\"large\",\"content\":\"\n\n<p>Informativa ex art. 13 del Regolamento Europeo n. 679\\\/2016 (GDPR) per il trattamento dei dati personali di utenti\\\/visitatori che dovessero registrarsi al presente sito.<\\\/p>\"}}]}]},{\"type\":\"row\",\"props\":{\"margin\":\"large\"},\"children\":[{\"type\":\"column\",\"props\":{\"image_position\":\"center-center\",\"media_overlay_gradient\":\"\",\"width_medium\":\"1-1\"},\"children\":[{\"type\":\"text\",\"props\":{\"margin\":\"default\",\"column_breakpoint\":\"m\",\"text_size\":\"large\",\"content\":\"\n\n<p>La presente informativa \\u00e8 resa ai sensi dell\\u2019art. 13 del Regolamento UE 679\\\/2016 dalla Societ\\u00e0 Beautech srl  con sede in Modena, Via Omero n. 51, in qualit\\u00e0 di Titolare del trattamento a chi accedendo al sito web www.beautech.it compila il form \\u201cregistrazione\\u201d autorizzando la stessa Societ\\u00e0 al trattamento dei propri dati personali.<\\\/p>\\n\n\n<p>Beautech srl con la presente la informa che la citata normativa prevede la tutela delle persone e di altri soggetti rispetto al trattamento dei dati personali e che tale trattamento sar\\u00e0 improntato ai principi di correttezza, liceit\\u00e0, trasparenza e di tutela della sua riservatezza e dei suoi diritti. I suoi dati personali, inerenti e connessi al suo rapporto con Beautech srl in qualit\\u00e0 di proprietaria del sito www.beautech.it, verranno trattati in accordo alle disposizioni legislative della normativa sopra richiamata e degli obblighi di riservatezza ivi previsti.<\\\/p>\"}}]}]},{\"type\":\"row\",\"props\":{\"margin\":\"large\"},\"children\":[{\"type\":\"column\",\"props\":{\"image_position\":\"center-center\",\"media_overlay_gradient\":\"\",\"width_medium\":\"1-1\"},\"children\":[{\"type\":\"headline\",\"props\":{\"title_element\":\"div\",\"title_style\":\"h2\",\"content\":\"Finalit\\u00e0 del trattamento\"}},{\"type\":\"text\",\"props\":{\"margin\":\"default\",\"column_breakpoint\":\"m\",\"text_size\":\"large\",\"content\":\"\n\n<p>\\u00a0I dati personali forniti dagli utenti\\\/visitatori sono utilizzati al solo fine di elaborare e dare seguito alle loro richieste.<\\\/p>\\n\n\n<p><br \\\/>In particolare:<\\\/p>\\n\n\n<ul class=\\\"uk-list uk-list-hyphen\\\">\\n\n\n<li>in caso di semplice registrazione al sito www.beautech.it i suoi dati saranno trattati per fornirle le credenziali di accesso e consentirle di accedere ai servizi previsti sul sito medesimo; <\\\/li>\\n\n\n<li>in caso di successiva iscrizione ai corsi previsti nella sezione Beautech academy, i suoi dati saranno trattati per le attivit\\u00e0 propedeutiche alla gestione del corso scelto , per le attivit\\u00e0 del corso stesso, per placement, per  eventuali comunicazioni a mezzo mail, telefono, ecc.<\\\/li>\\n\n\n<li>adempimento degli obblighi legge gravanti sul titolare del trattamento o a ordini della pubblica Autorit\\u00e0.<\\\/li>\\n<\\\/ul>\\n\n\n<p>I suoi dati potranno essere trattati per finalit\\u00e0 interne di statistica e ricerca di mercato.<br \/>Il trattamento dei dati da parte di  Beautech srl si basa sul consenso da lei prestato. <\\\/p>\\n\n\n<p><strong>Base giuridica\\u00a0<\\\/strong><\\\/p>\\n\n\n<p>La societ\\u00e0 tratta i dati personali da lei forniti  laddove il trattamento:<\\\/p>\\n\n\n<ul class=\\\"uk-list uk-list-hyphen\\\">\\n\n\n<li>sia necessario  all'esecuzione di un contratto concluso con lei o per l'esecuzione di misure precontrattuali adottate su Sua richiesta;<\\\/li>\\n\n\n<li>sia necessario per   adempiere a  un obbligo legale<\\\/li>\\n\n\n<li>sia basato sul consenso espresso.<\\\/li>\\n<\\\/ul>\"}}]}]},{\"type\":\"row\",\"props\":{\"margin\":\"large\"},\"children\":[{\"type\":\"column\",\"props\":{\"image_position\":\"center-center\",\"media_overlay_gradient\":\"\",\"width_medium\":\"1-1\"},\"children\":[{\"type\":\"headline\",\"props\":{\"title_element\":\"div\",\"title_style\":\"h2\",\"content\":\"Comunicazione dei dati personali\"}},{\"type\":\"text\",\"props\":{\"margin\":\"default\",\"column_breakpoint\":\"m\",\"text_size\":\"large\",\"content\":\"\n\n<p>Per il conseguimento delle predette finalit\\u00e0, i suoi dati potranno essere comunicati a:<\\\/p>\\n\n\n<ul class=\\\"uk-list uk-list-hyphen\\\">\\n\n\n<li>consulenti eventualmente incaricati di assistere il Titolare del trattamento nell'adempimento degli obblighi di legge sul medesimo gravanti (ad es. avvocati, consulenti fiscali e\\\/o tributari);<\\\/li>\\n\n\n<li>pubbliche amministrazioni per le finalit\\u00e0 connesse all'adempimento di obblighi legali;<\\\/li>\\n\n\n<li>fornitori di servizi di installazione, assistenza e manutenzione di impianti e sistemi informatici e telematici e di tutti i servizi funzionalmente connessi e necessari per l\\u2019utilizzo degli eventuali applicativi e l\\u2019adempimento delle prestazioni oggetto del Contratto.<\\\/li>\\n\n\n<li>Consulenti e docenti  dei corsi eventualmente  previsti nella sezione Beautech academy.<\\\/li>\\n<\\\/ul>\"}}]}]},{\"type\":\"row\",\"props\":{\"margin\":\"large\"},\"children\":[{\"type\":\"column\",\"props\":{\"image_position\":\"center-center\",\"media_overlay_gradient\":\"\",\"width_medium\":\"1-1\"},\"children\":[{\"type\":\"headline\",\"props\":{\"title_element\":\"div\",\"title_style\":\"h2\",\"content\":\"Natura obbligatoria o facoltativa del conferimento\"}},{\"type\":\"text\",\"props\":{\"margin\":\"default\",\"column_breakpoint\":\"m\",\"text_size\":\"large\",\"content\":\"\n\n<p>Il conferimento dei dati richiesti non \\u00e8 obbligatorio, ma un suo eventuale rifiuto comporterebbe l'impossibilit\\u00e0 di fornirle i servizi richiesti.<\\\/p>\"}}]}]},{\"type\":\"row\",\"props\":{\"margin\":\"large\"},\"children\":[{\"type\":\"column\",\"props\":{\"image_position\":\"center-center\",\"media_overlay_gradient\":\"\",\"width_medium\":\"1-1\"},\"children\":[{\"type\":\"headline\",\"props\":{\"title_element\":\"div\",\"title_style\":\"h2\",\"content\":\"Categorie dei dati trattati\"}},{\"type\":\"text\",\"props\":{\"margin\":\"default\",\"column_breakpoint\":\"m\",\"text_size\":\"large\",\"content\":\"\n\n<p>Per il perseguimento delle predette finalit\\u00e0, potranno essere raccolti dati di natura comune, essenzialmente identificativa (ad. es. nome; cognome; recapiti fisici e\\\/o telefonici e\\\/o telematici), reddituale e\\\/o patrimoniale, relativi all\\u2019attivit\\u00e0 esercita. Il trattamento potrebbe comprendere dati appartenenti alle categorie cd. particolari di cui all'art. 9 GDPR (ad es. dati di natura sanitaria) e\\\/o di quelli previsti dall'art. 10 GDPR (dati di natura giudiziaria).<\\\/p>\"}}]}]},{\"type\":\"row\",\"props\":{\"margin\":\"large\"},\"children\":[{\"type\":\"column\",\"props\":{\"image_position\":\"center-center\",\"media_overlay_gradient\":\"\",\"width_medium\":\"1-1\"},\"children\":[{\"type\":\"headline\",\"props\":{\"title_element\":\"div\",\"title_style\":\"h2\",\"content\":\"Modalit\\u00e0 del trattamento\"}},{\"type\":\"text\",\"props\":{\"margin\":\"default\",\"column_breakpoint\":\"m\",\"text_size\":\"large\",\"content\":\"\n\n<p>Il trattamento dei Suoi dati personali \\u00e8 realizzato per mezzo delle operazioni indicate all\\u2019art. 4 Codice Privacy e all\\u2019art. 4 n. 2) GDPR e precisamente: raccolta, registrazione, organizzazione, conservazione, consultazione, elaborazione, modificazione, selezione, estrazione, raffronto, utilizzo, interconnessione, blocco, comunicazione, cancellazione e distruzione dei dati.<\\\/p>\\n\n\n<p>I dati sono raccolti, trattati ed archiviati prevalentemente su supporto informatico e\\\/o telematico. Alcune attivit\\u00e0 di trattamento non  effettuati in maniera elettronica potranno essere effettuate in modalit\\u00e0 cartacea.<\\\/p>\\n\n\n<p><strong>Trasferimento dei dati<\\\/strong><\\\/p>\\n\n\n<p>Il Titolare del trattamento non trasferisce i dati personali in paesi terzi o a organizzazioni internazionali. Tuttavia, si riserva la possibilit\\u00e0 di utilizzare servizi in cloud; nel qual caso, i fornitori dei servizi saranno selezionati tra coloro che forniscono garanzie adeguate, cos\\u00ec come previsto dall\\u2019art. 46 GDPR UE 679\\\/16.<\\\/p>\\n\n\n<p><strong>Tempi di conservazione dei dati<\\\/strong><\\\/p>\\n\n\n<p>I suoi dati personali saranno conservati per i tempi strettamente necessari ad espletare le finalit\\u00e0 sopra illustrate e per adempiere agli obblighi previsti dalla legge.<\\\/p>\\n\n\n<p><strong>Accesso ai dati<\\\/strong><\\\/p>\\n\n\n<p>I Suoi dati potranno essere resi accessibili per le finalit\\u00e0 di cui in precedenza:<\\\/p>\\n\n\n<ul class=\\\"uk-list uk-list-hyphen\\\">\\n\n\n<li>a dipendenti e collaboratori del Titolare , nella loro qualit\\u00e0 di incaricati e\\\/o responsabili interni del trattamento e\\\/o amministratori di sistema;<\\\/li>\\n\n\n<li>a societ\\u00e0 terze o altri soggetti (a titolo indicativo, istituti di credito, studi professionali, consulenti, societ\\u00e0 di assicurazione per la prestazione di servizi assicurativi, etc.) che svolgono attivit\\u00e0 in outsourcing per conto del Titolare, nella loro qualit\\u00e0 di responsabili esterni del trattamento.<\\\/li>\\n<\\\/ul>\\n\n\n<p><strong>Diritti dell\\u2019interessato<\\\/strong><\\\/p>\\n\n\n<p>Ai sensi dell\\u2019art. 7 del Codice della privacy e ai sensi degli articoli 13, comma 2, e da \\u00a015 a 21 del Regolamento, La informiamo che in merito al trattamento dei Suoi dati personali Lei potr\\u00e0 esercitare i seguenti diritti:<\\\/p>\\n\n\n<p>1. <strong>Diritto di ottenere l\\u2019accesso <\\\/strong>ai dati personali e alle seguenti informazioni:<\\\/p>\\n\n\n<ul class=\\\"uk-list uk-list-hyphen\\\">\\n\n\n<li>la conferma che sia o meno in corso il trattamento di propri dati personali;<\\\/li>\\n\n\n<li>le finalit\\u00e0 del trattamento;<\\\/li>\\n\n\n<li>le categorie di dati personali;<\\\/li>\\n\n\n<li>i destinatari o le categorie di destinatari a cui i dati personali sono stati o saranno comunicati;<\\\/li>\\n\n\n<li>qualora i dati non siano raccolti presso l'interessato, tutte le informazioni disponibili sulla loro origine;<\\\/li>\\n\n\n<li>l'esistenza di un processo decisionale automatizzato, compresa la profilazione;<\\\/li>\\n\n\n<li>una copia dei dati personali oggetto di trattamento.<\\\/li>\\n<\\\/ul>\\n\n\n<p>2. <strong>Diritto di rettifica <\\\/strong>ed integrazione dei dati personali;<\\\/p>\\n\n\n<p>3. <strong>Diritto alla cancellazione <\\\/strong>dei dati (\\u00abdiritto all'oblio\\u00bb) se sussiste uno dei seguenti motivi: \\u00a0\\u00a0\\u00a0<\\\/p>\\n\n\n<ol>\\n\n\n<li>i dati personali non sono pi\\u00f9 necessari rispetto alle finalit\\u00e0 per le quali sono stati raccolti o altrimenti trattati;<\\\/li>\\n\n\n<li>l\\u2019interessato revoca il consenso al trattamento dei dati e non sussiste altro fondamento giuridico per il trattamento;<\\\/li>\\n\n\n<li>l'interessato si oppone al trattamento e non sussiste alcun motivo legittimo prevalente per procedere al trattamento;<\\\/li>\\n\n\n<li>i dati personali sono stati trattati illecitamente;<\\\/li>\\n\n\n<li>i dati personali devono essere cancellati per adempiere un obbligo legale previsto dal diritto dell'Unione o dello Stato membro cui \\u00e8 soggetto il titolare del trattamento;<\\\/li>\\n<\\\/ol>\\n\n\n<p>Il titolare del trattamento, se ha reso pubblici dati personali ed \\u00e8 obbligato a cancellarli, deve informare gli altri titolari che trattano i dati personali della richiesta di cancellare qualsiasi link, copia o riproduzione dei suoi dati.<\\\/p>\\n\n\n<p>4. <strong>Diritto alla limitazione del trattamento <\\\/strong>nel caso in cui:<\\\/p>\\n\n\n<ol>\\n\n\n<li>l'interessato contesti l'esattezza dei dati personali, per il periodo necessario al titolare del trattamento per verificare l'esattezza di tali dati personali;<\\\/li>\\n\n\n<li>il trattamento \\u00e8 illecito e l'interessato si oppone alla cancellazione dei dati personali e chiede invece che ne sia limitato l'utilizzo;<\\\/li>\\n\n\n<li>bench\\u00e9 il titolare del trattamento non ne abbia pi\\u00f9 bisogno ai fini del trattamento, i dati personali sono necessari all'interessato per l'accertamento, l'esercizio o la difesa di un diritto in sede giudiziaria;<\\\/li>\\n\n\n<li>l'interessato si \\u00e8 opposto al trattamento, in attesa della verifica in merito all'eventuale prevalenza dei motivi legittimi del titolare del trattamento rispetto a quelli dell'interessato.<\\\/li>\\n<\\\/ol>\\n\n\n<p>5. <strong>Diritto di proporre un reclamo <\\\/strong>al Garante per la protezione dei dati personali, seguendo le procedure e le indicazioni pubblicate sul sito web ufficiale dell\\u2019Autorit\\u00e0 <a href=\\\"garanteprivacy.it\\\">garanteprivacy.it<\\\/a>.<\\\/p>\\n\n\n<p>6. <strong>Diritto alla portabilit\\u00e0 <\\\/strong>del dato ovvero il diritto di ricevere in un formato strutturato, di uso comune e leggibile da dispositivo automatico i dati personali che lo riguardano forniti a un titolare del trattamento ed eventualmente trasmetterli a un altro titolare del trattamento, qualora il trattamento si basi sul consenso o su un contratto e sia effettuato con mezzi automatizzati. Ove tecnicamente possibile, l\\u2019interessato ha il diritto di ottenere la trasmissione diretta dei dati da un titolare del trattamento ad un altro.<\\\/p>\\n\n\n<p>7. <strong>Diritto di opporsi <\\\/strong>in qualsiasi momento al trattamento dei dati personali, compresa la profilazione, in particolare nel caso in cui:<\\\/p>\\n\n\n<ol>\\n\n\n<li>il trattamento avviene sulla base del legittimo interesse del titolare, previa esplicitazione dei motivi dell\\u2019opposizione;<\\\/li>\\n\n\n<li>i dati personali sono trattati per finalit\\u00e0 di marketing diretto.<\\\/li>\\n<\\\/ol>\\n\n\n<p>8. Diritto di non essere sottoposto a una decisione basata unicamente sul <strong>trattamento automatizzato<\\\/strong>, compresa la <strong>profilazione<\\\/strong>, salvo nei casi in cui la decisione: sia necessaria per la conclusione o l'esecuzione di un contratto tra l'interessato e un titolare del trattamento, sia autorizzata dal diritto dell'Unione o dello Stato membro cui \\u00e8 soggetto il titolare del trattamento o si basi sul consenso esplicito dell\\u2019interessato.<\\\/p>\\n\n\n<p>9. <strong>Diritto di revocare il consenso <\\\/strong>in qualsiasi momento.<\\\/p>\\n\n\n<p>L\\u2019esercizio dei diritti non \\u00e8 soggetto ad alcun vincolo di forma ed \\u00e8 gratuito.<\\\/p>\"}}]}]},{\"type\":\"row\",\"props\":{\"margin\":\"large\"},\"children\":[{\"type\":\"column\",\"props\":{\"image_position\":\"center-center\",\"media_overlay_gradient\":\"\",\"width_medium\":\"1-1\"},\"children\":[{\"type\":\"headline\",\"props\":{\"title_element\":\"div\",\"title_style\":\"h2\",\"content\":\"Modalit\\u00e0 di esercizio dei diritti\"}},{\"type\":\"text\",\"props\":{\"margin\":\"default\",\"column_breakpoint\":\"m\",\"text_size\":\"large\",\"content\":\"\n\n<p>L\\u2019interessato potr\\u00e0 in qualsiasi momento esercitare i diritti inviando:<\\\/p>\\n\n\n<ul>\\n\n\n<li>una raccomandata a\\\/r a: <strong>Beautech srl <\\\/strong>, Via Omero n. 51, Modena<\\\/li>\\n<\\\/ul>\\n\n\n<p><strong>Titolare del trattamento<\\\/strong><\\\/p>\\n\n\n<p>Il Titolare del trattamento \\u00e8 <strong>Beautech srl<\\\/strong> avente sede in  Modena (MO) Via Omero n. 51. <\\\/p>\\n\n\n<p><strong>Responsabile del trattamento<\\\/strong><\\\/p>\\n\n\n<p>La lista degli eventuali responsabili del trattamento \\u00e8 disponibile su richiesta.<\\\/p>\"}}]}]}]}],\"version\":\"2.3.25\"} --><\/p>\n","protected":false},"excerpt":{"rendered":"<p>Informativa sul trattamento dei dati personali relativi alle procedure di registrazione sul sito beautech.it Informativa ex art. 13 del Regolamento Europeo n. 679\/2016 (GDPR) per il trattamento dei dati personali di utenti\/visitatori che dovessero registrarsi al presente sito. La presente informativa \u00e8 resa ai sensi dell\u2019art. 13 del Regolamento UE 679\/2016 dalla Societ\u00e0 Beautech srl [&hellip;]<\/p>\n","protected":false},"author":1,"featured_media":0,"parent":0,"menu_order":18,"comment_status":"closed","ping_status":"open","template":"","meta":{"_acf_changed":false,"footnotes":""},"class_list":["post-2881","page","type-page","status-publish","hentry"],"acf":[],"_links":{"self":[{"href":"https:\/\/www.beautech.it\/academy\/wp-json\/wp\/v2\/pages\/2881","targetHints":{"allow":["GET"]}}],"collection":[{"href":"https:\/\/www.beautech.it\/academy\/wp-json\/wp\/v2\/pages"}],"about":[{"href":"https:\/\/www.beautech.it\/academy\/wp-json\/wp\/v2\/types\/page"}],"author":[{"embeddable":true,"href":"https:\/\/www.beautech.it\/academy\/wp-json\/wp\/v2\/users\/1"}],"replies":[{"embeddable":true,"href":"https:\/\/www.beautech.it\/academy\/wp-json\/wp\/v2\/comments?post=2881"}],"version-history":[{"count":31,"href":"https:\/\/www.beautech.it\/academy\/wp-json\/wp\/v2\/pages\/2881\/revisions"}],"predecessor-version":[{"id":3219,"href":"https:\/\/www.beautech.it\/academy\/wp-json\/wp\/v2\/pages\/2881\/revisions\/3219"}],"wp:attachment":[{"href":"https:\/\/www.beautech.it\/academy\/wp-json\/wp\/v2\/media?parent=2881"}],"curies":[{"name":"wp","href":"https:\/\/api.w.org\/{rel}","templated":true}]}}